{"id":4957,"date":"2026-03-18T15:34:01","date_gmt":"2026-03-18T18:34:01","guid":{"rendered":"https:\/\/binatural.com.br\/?post_type=edicoes_radar&#038;p=4957"},"modified":"2026-04-17T17:14:47","modified_gmt":"2026-04-17T20:14:47","slug":"inovacao-e-mercado-5","status":"publish","type":"edicoes_radar","link":"https:\/\/binatural.com.br\/en\/radar-binatural\/inovacao-e-mercado-5\/","title":{"rendered":"Inova\u00e7\u00e3o e Mercado"},"content":{"rendered":"<p><strong>Biodiesel nas termel\u00e9tricas: redu\u00e7\u00e3o de emiss\u00f5es, seguran\u00e7a energ\u00e9tica e gera\u00e7\u00e3o de empregos\u00a0<\/strong>\u00a0<\/p>\n\n\n\n<p>O uso de biodiesel na gera\u00e7\u00e3o de energia el\u00e9trica desponta como uma das alternativas mais imediatas para ampliar a descarboniza\u00e7\u00e3o da matriz energ\u00e9tica brasileira. A substitui\u00e7\u00e3o do diesel f\u00f3ssil utilizado em usinas termel\u00e9tricas por biodiesel nacional gera impactos ambientais expressivos sem exigir mudan\u00e7as estruturais na infraestrutura j\u00e1 existente.&nbsp;<\/p>\n\n\n\n<figure class=\"wp-block-image size-large\"><img fetchpriority=\"high\" decoding=\"async\" width=\"1024\" height=\"647\" src=\"https:\/\/binatural.com.br\/wp-content\/uploads\/2026\/03\/freepik__cores-da-fabrica-diferentes-e-o-horrizonte-ao-redo__54563-1-1024x647.png\" alt=\"\" class=\"wp-image-4959\" srcset=\"https:\/\/binatural.com.br\/wp-content\/uploads\/2026\/03\/freepik__cores-da-fabrica-diferentes-e-o-horrizonte-ao-redo__54563-1-1024x647.png 1024w, https:\/\/binatural.com.br\/wp-content\/uploads\/2026\/03\/freepik__cores-da-fabrica-diferentes-e-o-horrizonte-ao-redo__54563-1-300x189.png 300w, https:\/\/binatural.com.br\/wp-content\/uploads\/2026\/03\/freepik__cores-da-fabrica-diferentes-e-o-horrizonte-ao-redo__54563-1-768x485.png 768w, https:\/\/binatural.com.br\/wp-content\/uploads\/2026\/03\/freepik__cores-da-fabrica-diferentes-e-o-horrizonte-ao-redo__54563-1-18x12.png 18w, https:\/\/binatural.com.br\/wp-content\/uploads\/2026\/03\/freepik__cores-da-fabrica-diferentes-e-o-horrizonte-ao-redo__54563-1.png 1216w\" sizes=\"(max-width: 1024px) 100vw, 1024px\" \/><\/figure>\n\n\n\n<p>O biodiesel apresenta intensidade de carbono significativamente menor em compara\u00e7\u00e3o ao diesel de origem f\u00f3ssil. A substitui\u00e7\u00e3o reduz a pegada de carbono da energia produzida, mantendo a confiabilidade do sistema el\u00e9trico nacional. A incorpora\u00e7\u00e3o do biodiesel nas termel\u00e9tricas pode aproximar ainda mais o pa\u00eds de um sistema el\u00e9trico praticamente 100% renov\u00e1vel, especialmente em momentos de maior necessidade de gera\u00e7\u00e3o t\u00e9rmica, como em per\u00edodos de instabilidade energ\u00e9tica.&nbsp;&nbsp;<\/p>\n\n\n\n<p>Al\u00e9m disso, o biodiesel ainda apresenta uma vantagem significativa sobre outras fontes de energia, inclusive as que tamb\u00e9m s\u00e3o renov\u00e1veis. Diferentemente das fontes e\u00f3lica, hidr\u00e1ulica e solar, o biocombust\u00edvel est\u00e1 sempre dispon\u00edvel para uso, independentemente das condi\u00e7\u00f5es clim\u00e1ticas.&nbsp;&nbsp;<\/p>\n\n\n\n<p>A amplia\u00e7\u00e3o do uso de biodiesel tamb\u00e9m gera efeitos positivos para a economia brasileira. Desde a introdu\u00e7\u00e3o do biocombust\u00edvel na matriz energ\u00e9tica, o pa\u00eds j\u00e1 economizou cerca de R$ 300 bilh\u00f5es em importa\u00e7\u00f5es de diesel f\u00f3ssil.&nbsp;<\/p>\n\n\n\n<p>O setor tamb\u00e9m possui forte impacto social. Atualmente, a cadeia do biodiesel gera cerca de 2,4 milh\u00f5es de empregos no pa\u00eds, com sal\u00e1rios m\u00e9dios 16% maiores aos de outros segmentos da agroind\u00fastria. No campo, mais de 300 mil agricultores familiares participam do programa do Selo Biocombust\u00edvel Social, que integra pequenos produtores \u00e0 cadeia produtiva dos biocombust\u00edveis.&nbsp;<\/p>\n\n\n\n<p><\/p>","protected":false},"excerpt":{"rendered":"<p>Biodiesel nas termel\u00e9tricas: redu\u00e7\u00e3o de emiss\u00f5es, seguran\u00e7a energ\u00e9tica e gera\u00e7\u00e3o de empregos\u00a0\u00a0 O uso de biodiesel na gera\u00e7\u00e3o de energia el\u00e9trica desponta como uma das alternativas mais imediatas para ampliar a descarboniza\u00e7\u00e3o da matriz energ\u00e9tica brasileira. A substitui\u00e7\u00e3o do diesel f\u00f3ssil utilizado em usinas termel\u00e9tricas por biodiesel nacional gera impactos ambientais expressivos sem exigir mudan\u00e7as [&hellip;]<\/p>\n","protected":false},"featured_media":0,"template":"","edicao":[135],"class_list":["post-4957","edicoes_radar","type-edicoes_radar","status-publish","hentry","edicao-edicao-de-marco-de-2026"],"yoast_head":"<!-- This site is optimized with the Yoast SEO plugin v27.5 - https:\/\/yoast.com\/product\/yoast-seo-wordpress\/ -->\n<title>Inova\u00e7\u00e3o e Mercado - Binatural<\/title>\n<meta name=\"description\" content=\"Inova\u00e7\u00e3o e Mercado. Acesse as Edi\u00e7\u00f5es Radar da Binatural e fique por dentro das novidades, lan\u00e7amentos e conte\u00fados exclusivos sobre nossos produtos e servi\u00e7os.\" \/>\n<meta name=\"robots\" content=\"index, follow, max-snippet:-1, max-image-preview:large, max-video-preview:-1\" \/>\n<link rel=\"canonical\" href=\"https:\/\/binatural.com.br\/en\/radar-binatural\/inovacao-e-mercado-5\/\" \/>\n<meta property=\"og:locale\" content=\"en_US\" \/>\n<meta property=\"og:type\" content=\"article\" \/>\n<meta property=\"og:title\" content=\"Inova\u00e7\u00e3o e Mercado - Binatural\" \/>\n<meta property=\"og:description\" content=\"Inova\u00e7\u00e3o e Mercado. Acesse as Edi\u00e7\u00f5es Radar da Binatural e fique por dentro das novidades, lan\u00e7amentos e conte\u00fados exclusivos sobre nossos produtos e servi\u00e7os.\" \/>\n<meta property=\"og:url\" content=\"https:\/\/binatural.com.br\/en\/radar-binatural\/inovacao-e-mercado-5\/\" \/>\n<meta property=\"og:site_name\" content=\"Binatural\" \/>\n<meta property=\"article:modified_time\" content=\"2026-04-17T20:14:47+00:00\" \/>\n<meta property=\"og:image\" content=\"https:\/\/binatural.com.br\/wp-content\/uploads\/2026\/03\/freepik__cores-da-fabrica-diferentes-e-o-horrizonte-ao-redo__54563-1.png\" \/>\n\t<meta property=\"og:image:width\" content=\"1216\" \/>\n\t<meta property=\"og:image:height\" content=\"768\" \/>\n\t<meta property=\"og:image:type\" content=\"image\/png\" \/>\n<meta name=\"twitter:card\" content=\"summary_large_image\" \/>\n<meta name=\"twitter:label1\" content=\"Est. reading time\" \/>\n\t<meta name=\"twitter:data1\" content=\"2 minutes\" \/>\n<!-- \/ Yoast SEO plugin. -->","yoast_head_json":{"title":"Inova\u00e7\u00e3o e Mercado - Binatural","description":"Inova\u00e7\u00e3o e Mercado. Acesse as Edi\u00e7\u00f5es Radar da Binatural e fique por dentro das novidades, lan\u00e7amentos e conte\u00fados exclusivos sobre nossos produtos e servi\u00e7os.","robots":{"index":"index","follow":"follow","max-snippet":"max-snippet:-1","max-image-preview":"max-image-preview:large","max-video-preview":"max-video-preview:-1"},"canonical":"https:\/\/binatural.com.br\/en\/radar-binatural\/inovacao-e-mercado-5\/","og_locale":"en_US","og_type":"article","og_title":"Inova\u00e7\u00e3o e Mercado - Binatural","og_description":"Inova\u00e7\u00e3o e Mercado. Acesse as Edi\u00e7\u00f5es Radar da Binatural e fique por dentro das novidades, lan\u00e7amentos e conte\u00fados exclusivos sobre nossos produtos e servi\u00e7os.","og_url":"https:\/\/binatural.com.br\/en\/radar-binatural\/inovacao-e-mercado-5\/","og_site_name":"Binatural","article_modified_time":"2026-04-17T20:14:47+00:00","og_image":[{"width":1216,"height":768,"url":"https:\/\/binatural.com.br\/wp-content\/uploads\/2026\/03\/freepik__cores-da-fabrica-diferentes-e-o-horrizonte-ao-redo__54563-1.png","type":"image\/png"}],"twitter_card":"summary_large_image","twitter_misc":{"Est. reading time":"2 minutes"},"schema":{"@context":"https:\/\/schema.org","@graph":[{"@type":"WebPage","@id":"https:\/\/binatural.com.br\/radar-binatural\/inovacao-e-mercado-5\/","url":"https:\/\/binatural.com.br\/radar-binatural\/inovacao-e-mercado-5\/","name":"Inova\u00e7\u00e3o e Mercado - Binatural","isPartOf":{"@id":"https:\/\/binatural.com.br\/#website"},"primaryImageOfPage":{"@id":"https:\/\/binatural.com.br\/radar-binatural\/inovacao-e-mercado-5\/#primaryimage"},"image":{"@id":"https:\/\/binatural.com.br\/radar-binatural\/inovacao-e-mercado-5\/#primaryimage"},"thumbnailUrl":"https:\/\/binatural.com.br\/wp-content\/uploads\/2026\/03\/freepik__cores-da-fabrica-diferentes-e-o-horrizonte-ao-redo__54563-1-1024x647.png","datePublished":"2026-03-18T18:34:01+00:00","dateModified":"2026-04-17T20:14:47+00:00","description":"Inova\u00e7\u00e3o e Mercado. Acesse as Edi\u00e7\u00f5es Radar da Binatural e fique por dentro das novidades, lan\u00e7amentos e conte\u00fados exclusivos sobre nossos produtos e servi\u00e7os.","breadcrumb":{"@id":"https:\/\/binatural.com.br\/radar-binatural\/inovacao-e-mercado-5\/#breadcrumb"},"inLanguage":"en-US","potentialAction":[{"@type":"ReadAction","target":["https:\/\/binatural.com.br\/radar-binatural\/inovacao-e-mercado-5\/"]}]},{"@type":"ImageObject","inLanguage":"en-US","@id":"https:\/\/binatural.com.br\/radar-binatural\/inovacao-e-mercado-5\/#primaryimage","url":"https:\/\/binatural.com.br\/wp-content\/uploads\/2026\/03\/freepik__cores-da-fabrica-diferentes-e-o-horrizonte-ao-redo__54563-1-1024x647.png","contentUrl":"https:\/\/binatural.com.br\/wp-content\/uploads\/2026\/03\/freepik__cores-da-fabrica-diferentes-e-o-horrizonte-ao-redo__54563-1-1024x647.png"},{"@type":"BreadcrumbList","@id":"https:\/\/binatural.com.br\/radar-binatural\/inovacao-e-mercado-5\/#breadcrumb","itemListElement":[{"@type":"ListItem","position":1,"name":"In\u00edcio","item":"https:\/\/binatural.com.br\/"},{"@type":"ListItem","position":2,"name":"Edi\u00e7\u00f5es Radar","item":"https:\/\/binatural.com.br\/en\/radar-binatural\/"},{"@type":"ListItem","position":3,"name":"Inova\u00e7\u00e3o e Mercado"}]},{"@type":"WebSite","@id":"https:\/\/binatural.com.br\/#website","url":"https:\/\/binatural.com.br\/","name":"Binatural","description":"A Binatural foi uma das pioneiras na produ\u00e7\u00e3o de biodiesel no pa\u00eds, investindo em novas tecnologias, processos e m\u00e3o de obra.","publisher":{"@id":"https:\/\/binatural.com.br\/#organization"},"potentialAction":[{"@type":"SearchAction","target":{"@type":"EntryPoint","urlTemplate":"https:\/\/binatural.com.br\/?s={search_term_string}"},"query-input":{"@type":"PropertyValueSpecification","valueRequired":true,"valueName":"search_term_string"}}],"inLanguage":"en-US"},{"@type":"Organization","@id":"https:\/\/binatural.com.br\/#organization","name":"Binatural","url":"https:\/\/binatural.com.br\/","logo":{"@type":"ImageObject","inLanguage":"en-US","@id":"https:\/\/binatural.com.br\/#\/schema\/logo\/image\/","url":"https:\/\/binatural.com.br\/wp-content\/uploads\/2021\/12\/binatural.png","contentUrl":"https:\/\/binatural.com.br\/wp-content\/uploads\/2021\/12\/binatural.png","width":91,"height":80,"caption":"Binatural"},"image":{"@id":"https:\/\/binatural.com.br\/#\/schema\/logo\/image\/"}}]}},"_links":{"self":[{"href":"https:\/\/binatural.com.br\/en\/wp-json\/wp\/v2\/edicoes_radar\/4957","targetHints":{"allow":["GET"]}}],"collection":[{"href":"https:\/\/binatural.com.br\/en\/wp-json\/wp\/v2\/edicoes_radar"}],"about":[{"href":"https:\/\/binatural.com.br\/en\/wp-json\/wp\/v2\/types\/edicoes_radar"}],"version-history":[{"count":4,"href":"https:\/\/binatural.com.br\/en\/wp-json\/wp\/v2\/edicoes_radar\/4957\/revisions"}],"predecessor-version":[{"id":4964,"href":"https:\/\/binatural.com.br\/en\/wp-json\/wp\/v2\/edicoes_radar\/4957\/revisions\/4964"}],"wp:attachment":[{"href":"https:\/\/binatural.com.br\/en\/wp-json\/wp\/v2\/media?parent=4957"}],"wp:term":[{"taxonomy":"edicao","embeddable":true,"href":"https:\/\/binatural.com.br\/en\/wp-json\/wp\/v2\/edicao?post=4957"}],"curies":[{"name":"wp","href":"https:\/\/api.w.org\/{rel}","templated":true}]}}